{"id":763,"date":"2018-07-12T12:30:23","date_gmt":"2018-07-12T10:30:23","guid":{"rendered":"http:\/\/aspjchalons51.fr\/?page_id=763"},"modified":"2018-09-19T14:39:43","modified_gmt":"2018-09-19T12:39:43","slug":"lombre-du-monde","status":"publish","type":"page","link":"https:\/\/aspjchalons51.fr\/index.php\/bibliographie\/livres-a-lire\/lombre-du-monde\/","title":{"rendered":"L&rsquo;ombre du monde"},"content":{"rendered":"<div id=\"pl-763\"  class=\"panel-layout\" ><div id=\"pg-763-0\"  class=\"panel-grid panel-no-style\" ><div id=\"pgc-763-0-0\"  class=\"panel-grid-cell\" ><div id=\"panel-763-0-0-0\" class=\"so-panel widget widget_sow-editor panel-first-child panel-last-child\" data-index=\"0\" ><div\n\t\t\t\n\t\t\tclass=\"so-widget-sow-editor so-widget-sow-editor-base\"\n\t\t\t\n\t\t>\n<div class=\"siteorigin-widget-tinymce textwidget\">\n\t<p>\u00ab\u00a0<strong>L\u2019ombre du monde<\/strong>\u00a0\u00bb sous-titr\u00e9 \u00ab\u00a0<em>Une anthropologie de la condition carc\u00e9rale<\/em>\u00a0\u00bb est un livre de Didier Fassin.<\/p>\n<p><a href=\"http:\/\/aspjchalons.fr\/WordPress3\/wp-content\/uploads\/2015\/03\/ombre-monde.jpg\"><img loading=\"lazy\" decoding=\"async\" class=\" size-medium wp-image-117 alignleft\" src=\"http:\/\/aspjchalons.fr\/WordPress3\/wp-content\/uploads\/2015\/03\/ombre-monde-205x300.jpg\" alt=\"ombre monde\" width=\"205\" height=\"300\" \/><\/a>\u00ab\u00a0Invention r\u00e9cente puisqu\u2019elle n\u2019a gu\u00e8re plus de deux si\u00e8cles, la prison est devenue, partout dans le monde, la peine de r\u00e9f\u00e9rence. L\u2019atteste, en France, le doublement de la population carc\u00e9rale au cours des trois derni\u00e8res d\u00e9cennies. Comment comprendre la place qu\u2019elle occupe dans la soci\u00e9t\u00e9 contemporaine ? Et comment expliquer que le tournant punitif affecte avec une telle intensit\u00e9 certaines cat\u00e9gories de personnes ? Pour tenter de r\u00e9pondre \u00e0 ces questions, Didier Fassin a conduit au long de quatre ann\u00e9es une enqu\u00eate dans une maison d\u2019arr\u00eat.<\/p>\n<p>Analysant l\u2019ordinaire de la condition carc\u00e9rale, il montre comment la banalisation de l\u2019enfermement a renforc\u00e9 les in\u00e9galit\u00e9s socio-raciales et comment les avanc\u00e9es des droits se heurtent aux logiques d\u2019ordre et aux pratiques s\u00e9curitaires. Mais il analyse aussi les attentions et les accommodements du personnel p\u00e9nitentiaire, les souffrances et les micro-r\u00e9sistances des d\u00e9tenus, la mani\u00e8re dont la vie au dedans est travers\u00e9e par la vie du dehors. La prison appara\u00eet ainsi comme \u00e0 la fois le reflet de la soci\u00e9t\u00e9 et le miroir dans lequel elle se r\u00e9fl\u00e9chit. Plut\u00f4t que l\u2019envers du monde social, elle en est l\u2019inqui\u00e9tante ombre port\u00e9e.<\/p>\n<p>Didier Fassin est professeur de sciences sociales \u00e0 l\u2019Institute for Advanced Study de Princeton et directeur d\u2019\u00e9tudes \u00e0 l\u2019EHESS. Il a notamment publi\u00e9\u00a0<i>La Force de l\u2019ordre<\/i>(Seuil, 2011) et\u00a0<i>La Raison humanitaire<\/i>\u00a0(Hautes \u00c9tudes-Gallimard-Seuil, 2010).\u00a0\u00bb<\/p>\n<p>(Source :\u00a0<a href=\"http:\/\/www.seuil.com\/livre-9782021179576.htm\" target=\"_blank\" rel=\"noopener\">http:\/\/www.seuil.com\/livre-9782021179576.htm<\/a>)<\/p>\n<p>Interview de l\u2019auteur sur France Culture :\u00a0<a href=\"http:\/\/www.franceculture.fr\/oeuvre-l-ombre-du-monde-une-anthropologie-de-la-condition-carcerale-de-didier-fassin\" target=\"_blank\" rel=\"noopener\">\u00e9couter ici<\/a>.<\/p>\n<\/div>\n<\/div><\/div><\/div><\/div><\/div>","protected":false},"excerpt":{"rendered":"<p>\u00ab\u00a0L\u2019ombre du monde\u00a0\u00bb sous-titr\u00e9 \u00ab\u00a0Une anthropologie de la condition carc\u00e9rale\u00a0\u00bb est un livre de Didier Fassin. \u00ab\u00a0Invention r\u00e9cente puisqu\u2019elle n\u2019a gu\u00e8re plus de deux si\u00e8cles, la prison est devenue, partout dans le monde, la peine de r\u00e9f\u00e9rence. L\u2019atteste, en France, &hellip; <a href=\"https:\/\/aspjchalons51.fr\/index.php\/bibliographie\/livres-a-lire\/lombre-du-monde\/\">Continuer la lecture <span class=\"meta-nav\">&rarr;<\/span><\/a><\/p>\n","protected":false},"author":1,"featured_media":0,"parent":761,"menu_order":1,"comment_status":"closed","ping_status":"closed","template":"","meta":{"footnotes":""},"_links":{"self":[{"href":"https:\/\/aspjchalons51.fr\/index.php\/wp-json\/wp\/v2\/pages\/763"}],"collection":[{"href":"https:\/\/aspjchalons51.fr\/index.php\/wp-json\/wp\/v2\/pages"}],"about":[{"href":"https:\/\/aspjchalons51.fr\/index.php\/wp-json\/wp\/v2\/types\/page"}],"author":[{"embeddable":true,"href":"https:\/\/aspjchalons51.fr\/index.php\/wp-json\/wp\/v2\/users\/1"}],"replies":[{"embeddable":true,"href":"https:\/\/aspjchalons51.fr\/index.php\/wp-json\/wp\/v2\/comments?post=763"}],"version-history":[{"count":6,"href":"https:\/\/aspjchalons51.fr\/index.php\/wp-json\/wp\/v2\/pages\/763\/revisions"}],"predecessor-version":[{"id":1015,"href":"https:\/\/aspjchalons51.fr\/index.php\/wp-json\/wp\/v2\/pages\/763\/revisions\/1015"}],"up":[{"embeddable":true,"href":"https:\/\/aspjchalons51.fr\/index.php\/wp-json\/wp\/v2\/pages\/761"}],"wp:attachment":[{"href":"https:\/\/aspjchalons51.fr\/index.php\/wp-json\/wp\/v2\/media?parent=763"}],"curies":[{"name":"wp","href":"https:\/\/api.w.org\/{rel}","templated":true}]}}